{"id":106,"date":"2016-03-17T12:13:42","date_gmt":"2016-03-17T11:13:42","guid":{"rendered":"https:\/\/dans.si\/?page_id=106"},"modified":"2023-11-06T08:25:35","modified_gmt":"2023-11-06T08:25:35","slug":"dans-arhitekti","status":"publish","type":"page","link":"https:\/\/dans.si\/?page_id=106","title":{"rendered":"DANS ARHITEKTI"},"content":{"rendered":"<p class=\"p1\">DANS arhitekti gradimo prostore in kulturo, v katerih prebivamo, delamo, \u010dutimo in se sre\u010dujemo. Raziskujemo odnos \u010dloveka do grajenega okolja, snujemo inovativne na\u010dine uporabe prostorov in se opiramo na izvorni fenomen gradnje, izkori\u0161\u010damo prilo\u017enosti, ki jih odpira trajnostna gradnja, in mo\u017enosti prijetnega po\u010dutja v prostoru. Najsi gre za urbane prostore ali in\u017eenirske objekte, obse\u017ene prostore z velikim pretokom ljudi ali intimne koti\u010dke, znamo ustvarjati nianse, ki odsevajo in oblikujejo razpolo\u017eenja.<\/p>\n<p class=\"p1\">DANS arhitekti kot partnerji delujemo od leta 2004.<\/p>\n<p class=\"p1\">Za svoje delo smo prejeli \u0161tevilne nagrade.<\/p>\n","protected":false},"excerpt":{"rendered":"<p>DANS arhitekti gradimo prostore in kulturo, v katerih prebivamo, delamo, \u010dutimo in se sre\u010dujemo. Raziskujemo odnos \u010dloveka do grajenega okolja, snujemo inovativne na\u010dine uporabe prostorov in se opiramo na izvorni fenomen gradnje, izkori\u0161\u010damo prilo\u017enosti, ki jih odpira trajnostna gradnja, in mo\u017enosti prijetnega po\u010dutja v prostoru. Najsi gre za urbane prostore ali in\u017eenirske objekte, obse\u017ene prostore &hellip; <a href=\"https:\/\/dans.si\/?page_id=106\">Continued<\/a><\/p>\n","protected":false},"author":1,"featured_media":2330,"parent":0,"menu_order":0,"comment_status":"closed","ping_status":"closed","template":"template-predstavitev.php","meta":{"footnotes":""},"acf":[],"_links":{"self":[{"href":"https:\/\/dans.si\/index.php?rest_route=\/wp\/v2\/pages\/106"}],"collection":[{"href":"https:\/\/dans.si\/index.php?rest_route=\/wp\/v2\/pages"}],"about":[{"href":"https:\/\/dans.si\/index.php?rest_route=\/wp\/v2\/types\/page"}],"author":[{"embeddable":true,"href":"https:\/\/dans.si\/index.php?rest_route=\/wp\/v2\/users\/1"}],"replies":[{"embeddable":true,"href":"https:\/\/dans.si\/index.php?rest_route=%2Fwp%2Fv2%2Fcomments&post=106"}],"version-history":[{"count":8,"href":"https:\/\/dans.si\/index.php?rest_route=\/wp\/v2\/pages\/106\/revisions"}],"predecessor-version":[{"id":2380,"href":"https:\/\/dans.si\/index.php?rest_route=\/wp\/v2\/pages\/106\/revisions\/2380"}],"wp:featuredmedia":[{"embeddable":true,"href":"https:\/\/dans.si\/index.php?rest_route=\/wp\/v2\/media\/2330"}],"wp:attachment":[{"href":"https:\/\/dans.si\/index.php?rest_route=%2Fwp%2Fv2%2Fmedia&parent=106"}],"curies":[{"name":"wp","href":"https:\/\/api.w.org\/{rel}","templated":true}]}}